{"id":68,"date":"2021-11-05T11:21:40","date_gmt":"2021-11-05T11:21:40","guid":{"rendered":"http:\/\/egecep.org.tr\/?page_id=68"},"modified":"2022-10-20T16:16:28","modified_gmt":"2022-10-20T16:16:28","slug":"biz-kimiz","status":"publish","type":"page","link":"https:\/\/egecep.org.tr\/index.php\/biz-kimiz\/","title":{"rendered":"B\u0130Z K\u0130M\u0130Z?"},"content":{"rendered":"\n<p class=\"has-medium-font-size\"><strong>EGE \u00c7EVRE VE K\u00dcLT\u00dcR PLATFORMU<\/strong><\/p>\n\n\n\n<p><strong>1. KURULU\u015e:<\/strong><\/p>\n\n\n\n<p>EGE\u00c7EP (Ege \u00c7evre ve K\u00fclt\u00fcr Platformu); \u00e7evre g\u00f6n\u00fcll\u00fcs\u00fc, do\u011fal ve k\u00fclt\u00fcrel varl\u0131klar\u0131n korunmas\u0131 konusunda duyarl\u0131 sivil toplum kurulu\u015flar\u0131 ile bireysel kat\u0131l\u0131mc\u0131lar taraf\u0131ndan 25 Aral\u0131k 2005 tarihinde kuruldu.<\/p>\n\n\n\n<p>EGE\u00c7EP Sekreteryas\u0131 i\u00e7in Arif Ali Cang\u0131 (Allianoi Giri\u015fimi Grubu), Erhan \u0130\u00e7\u00f6z (Jeofizik M\u00fchendisleri Odas\u0131 \u0130zmir \u015eb.), Muammer Sakaryal\u0131 (U\u015fak-Ulubey-\u0130nay K\u00f6y\u00fc Giri\u015fimi), H\u00fclya Y\u0131lmaz (G\u0131da M\u00fchendisleri Odas\u0131 \u0130zmir \u015eb) ve Ceynur Karag\u00f6zo\u011flu (Ayval\u0131k Kent Konseyi) g\u00f6revlendirildi.<\/p>\n\n\n\n<p>Arif Ali Cang\u0131 Platform Sekreterli\u011fi, Erhan \u0130\u00e7\u00f6z ise Platform Sekreter Yard\u0131mc\u0131l\u0131\u011f\u0131 g\u00f6revini \u00fcstlendi. Ayr\u0131ca, sekreterya yard\u0131mc\u0131l\u0131\u011f\u0131 i\u00e7in Mehmet \u015eahin (Ege 78\u2019liler Dayan\u0131\u015fma ve Demokrasi Derne\u011fi) ile Musa Kurt (TEMA Vakf\u0131 \u0130zmir \u015eb.) g\u00f6rev ald\u0131.<\/p>\n\n\n\n<p>Sekreteryan\u0131n; EGECEP\u2019i, T\u00dcR\u00c7EP\u2019 de (T\u00fcrkiye \u00c7evre Platformu) temsil etmesi kararla\u015ft\u0131r\u0131ld\u0131.<\/p>\n\n\n\n<p>Kurulu\u015f toplant\u0131s\u0131nda, EGE\u00c7EP\u2019in a\u015fa\u011f\u0131daki konularda \u00e7al\u0131\u015fma yapmas\u0131 kararla\u015ft\u0131r\u0131ld\u0131.<\/p>\n\n\n\n<p>Ba\u015fta \u00c7evre Yasas\u0131 ve Anayasa\u2019n\u0131n 56. maddesi olmak \u00fczere yasal d\u00fczenlemeler, \u00e7evre hakk\u0131n\u0131 korumaya yetiyor mu?<br>Tar\u0131m ve zeytincilik konular\u0131n\u0131n ele al\u0131nmas\u0131,<br>TV&#8217;deki \u00e7evre konulu programlar\u0131n daha erken saatte yay\u0131nlanmas\u0131.<\/p>\n\n\n\n<p>S\u00fcrekli g\u00fcndem olarak:<br>ALLIANOI VE K\u00dcLT\u00dcR VARLIKLARININ KORUNMASI,<br>BERGAMA,KI\u015eLADA\u011e, EFEM\u00c7UKURU \u00d6RNEKLER\u0130 VE ALTIN MADENC\u0130L\u0130\u011e\u0130,<br>\u0130ZM\u0130R KU\u015e CENNET\u0130 VE SULAK ALANLARIN KORUNMASI,<br>\u0130NC\u0130RALTI\u2019NIN \u0130MARA A\u00c7ILMASI,<br>JEOTERMAL ENERJ\u0130N\u0130N KULLANIMI,<br>TARIM TOPRAKLARININ AMA\u00c7 DI\u015eI KULLANIMI,<br>KIYILARIN YA\u011eMALANMASI VE AMA\u00c7 DI\u015eI KULLANIMI, \u0130K\u0130NC\u0130 KONUTLAR VE TUR\u0130ZM,<br>BOR TUZLARININ B\u0130R AMER\u0130KAN \u015e\u0130RKET\u0130NE TAHS\u0130S\u0130,<br>KENT \u0130\u00c7\u0130 TA\u015eIMACILI\u011eIN YARATTI\u011eI \u00c7EVRESEL SORUNLAR<br>\u0130ZM\u0130R K\u00d6RFEZ\u0130&#8217;N\u0130N YEN\u0130DEN K\u0130RLENMEYE BA\u015eLAMASI VE TEM\u0130ZL\u0130\u011e\u0130<br>YURTTA\u015eLARA VE KURUMLARA, PLAST\u0130K KULLANILMAMASI \u0130\u00c7\u0130N UYARI<br>EB\u0130LTEM \u0130LE \u0130L\u0130\u015eK\u0130YE GE\u00c7\u0130L\u0130P ZEYT\u0130N ATIKLARININ ARITILMASI<br>YEREL Y\u00d6NET\u0130MLER\u0130N S\u00dcRECE KATILMASI<br>YEN\u0130 VE YEN\u0130LENEB\u0130L\u0130R ENERJ\u0130 (R\u00dcZGAR, G\u00dcNE\u015e VB.) KULLANIMI<br>ENERJ\u0130N\u0130N ETK\u0130N KULLANIMI<br>GDO KONUSU<br>BORNOVA-HOMEROS VAD\u0130S\u0130 OLARAK ADLANDIRILAN KAYAD\u0130B\u0130 B\u00d6LGES\u0130N\u0130N, BORNOVA&#8217;DAK\u0130 SON ZEYT\u0130N ALANLARINDAN B\u0130R\u0130S\u0130N\u0130 YOK ETMES\u0130<br>HAYVANLARI KORUMA YASASININ UYGULANMASI<br>AYVALIK TAB\u0130AT PARKI<br>BAZ \u0130STASYONLARININ KAPATILMASI, CEP TELEFONLARI \u0130LET\u0130\u015e\u0130M\u0130N\u0130N UYGU \u0130LE YAPILMASI<br>MADEN ALANLARININ \u00c7EVREYE ETK\u0130S\u0130<br>YATA\u011eAN TERM\u0130K SANTRAL\u0130<br>YAYGIN \u00c7EVRE E\u011e\u0130T\u0130M\u0130 VE KAMUOYUNUN B\u0130LG\u0130LEND\u0130R\u0130LMES\u0130NE KATKI \u0130\u00c7\u0130N HER T\u00dcRDEN MEDYA \u0130LE \u0130\u015e B\u0130RL\u0130\u011e\u0130<br>K\u00dcLT\u00dcR BALIK\u00c7ILI\u011eININ \u00c7EVRESEL ETK\u0130LER\u0130<br>GED\u0130Z, B. MENDERES VE \u00d6TEK\u0130 AKARSULARDAK\u0130 K\u0130RL\u0130L\u0130KTE HAVZA BAZINDA ENTEGRE M\u00dcCADELE<\/p>\n\n\n\n<p><em>EGE\u00c7EP KURUCULAR L\u0130STES\u0130<\/em><br>Arif Ali CANGI<br>Cemil TOSUNO\u011eLU<br>Nihat \u00c7AVDAR<br>Mehmet ERO\u011eLU<br>Y\u0131ld\u0131z ERO\u011eLU<br>Erhan \u0130\u00c7\u00d6Z<br>Merih Y\u00dcCEL<br>Ayhan ALTAY<br>Z. Vezan KARABULUT<br>H\u00fclya YILMAZ<br>O. Zeki KAYACI<br>Taylan \u00d6. PEK<br>Abdullah SOLULU<br>\u0130lhami ARSLAN<br>Musa KURT<br>Mustafa ONAT<br>Alime M\u0130TAP<br>M. C\u00fcneyt KARALO\u011eLU<br>Ertan \u015e\u0130M\u015eEK<br>B\u00fclent TURAN<br>Cebrail S\u00dcR\u00dcC\u00dc<br>Tekin YILDIRIM<br>Derya KARAG\u00d6ZO\u011eLU<br>Mehmet HORU\u015e<br>U\u011fur S\u00dcMER<br>Servet S\u00dcMER<br>Kemal SARIM<br>Faruk \u0130\u015eGEN\u00c7<br>Cemal \u00c7AKICI<br>Ertu\u011frul BARKA<br>Ceynur KARAG\u00d6ZO\u011eLU<br>Ay\u015fe KARAG\u00d6ZO\u011eLU<br>Semih AYDEM\u0130R<br>\u00c7a\u011flayan BARKA<br>Turhan TUNA<br>Bilge EZEL<br>Servet Ali \u00c7INAR<br>Kamil O. SINDIR<br>Mehmet \u015eAH\u0130N<br>Nurettin MAMALI<br>Ahmet \u0130MEN<br>Tanay S\u0131dk\u0131 UYAR<br>\u0130brahim S\u0130VR\u0130KAYA<br>Suat \u00c7ELEB\u0130<br>Mete H\u00dcSN\u00dcBEY\u0130<br>Okyay BULUT<br>Mustafa G\u00dcNG\u00d6R<br>Hasan Fuat HEP\u0130\u015eER\u0130<\/p>\n\n\n\n<p><strong>GEL\u0130\u015eMELER<\/strong><\/p>\n\n\n\n<p>S\u00fcre\u00e7 i\u00e7erisinde ger\u00e7ekle\u015ftirilen \u00fcye toplant\u0131lar\u0131nda, \u00fcyelerin (kat\u0131l\u0131mc\u0131lar\u0131n) \u00e7evre anlay\u0131\u015f\u0131na ba\u011fl\u0131 olarak, sekreteryan\u0131n yerine Y\u00dcR\u00dcTME KURULU (YK) deyiminin ve anlay\u0131\u015f\u0131n\u0131n olu\u015fturulmas\u0131, her ay Temsilciler Meclisi, \u00fc\u00e7 ayda bir B\u00f6lge Toplant\u0131s\u0131 ve y\u0131lda bir kez Kurultay d\u00fczenlenmesi kararla\u015ft\u0131r\u0131lm\u0131\u015ft\u0131r. Daha sonra, B\u00f6lge Toplant\u0131lar\u0131 yerine Bilgilenme Toplant\u0131lar\u0131 denmesi benimsenmi\u015ftir.<\/p>\n\n\n\n<p>T\u00dcR\u00c7EP bile\u015feni olarak kat\u0131ld\u0131\u011f\u0131m\u0131z Samsun Temsilciler Meclisi ve B\u00f6lge Toplant\u0131s\u0131 sonras\u0131nda, baz\u0131 g\u00f6r\u00fc\u015f farkl\u0131l\u0131klar\u0131 nedeniyle T\u00dcR\u00c7EP Bile\u015fenli\u011fi&#8217;nden ayr\u0131l\u0131nm\u0131\u015ft\u0131r.<\/p>\n\n\n\n<p><em>Arif Ali CANGI<br>1. D\u00f6nem S\u00f6zc\u00fcs\u00fc<\/em><\/p>\n\n\n\n<p><strong>2. EGE\u00c7EP 1. KURULTAYI SONU\u00c7 B\u0130LD\u0130RGES\u0130<\/strong><\/p>\n\n\n\n<p>Ege \u00c7evre ve K\u00fclt\u00fcr Platformu (EGE\u00c7EP) birinci Bile\u015fenler Kurultay\u0131, 5 ve 6 Ocak 2008 tarihlerinde toplanm\u0131\u015ft\u0131r.<\/p>\n\n\n\n<p>Kurultay\u2019da \u00d6zdere \u00c7evre Koruma, Dayan\u0131\u015fma Ve Geli\u015ftirme Derne\u011fi ile Karaot K\u00f6y\u00fc Kaybolmakta Olan Bitki Ve Hayvan T\u00fcrlerini Koruma Ve Ya\u015fatma (Karaotlular) Derne\u011fi EGE\u00c7EP\u2019e kat\u0131lm\u0131\u015ft\u0131r. Bu kat\u0131l\u0131mlarla; bile\u015fen say\u0131s\u0131 (bireysel kat\u0131l\u0131mlar hari\u00e7) 38 olmu\u015ftur.<\/p>\n\n\n\n<p>Kurultay taraf\u0131ndan belirlenen yeni Y\u00fcr\u00fctme Kurulu \u00fcyeleri, kendi aralar\u0131nda toplanarak a\u015fa\u011f\u0131daki \u015fekilde g\u00f6rev b\u00f6l\u00fcm\u00fc yapm\u0131\u015ft\u0131r;<\/p>\n\n\n\n<p>Erhan \u0130\u00e7\u00f6z (D\u00f6nem S\u00f6zc\u00fcs\u00fc ve Bas\u0131n)<br>Arif Ali Cang\u0131 (Hukuk ve Yaz\u0131\u015fmalar)<br>Ertu\u011frul Barka (E\u011fitim)<br>Hayri B\u00f6k\u00fc (\u00d6rg\u00fctlenme)<br>H\u00fclya Y\u0131lmaz (WEB, Yahoo grup vb. ileti\u015fim)<br>Mehmet \u015eahin (\u00d6rg\u00fctlenme, Yay\u0131n)<br>Muammer Sakaryal\u0131 (Yay\u0131n)<br>Oya Oty\u0131ld\u0131z (Bas\u0131n, Organizasyon)<br>Tekin Karada\u011f (Sosyal ili\u015fkiler)<br>Vezan Karabulut (Sosyal ili\u015fkiler ve Organizasyon)<\/p>\n\n\n\n<p>EGE\u00c7EP, iki g\u00fcnl\u00fck kurultay\u0131 boyunca g\u00fcndemindeki t\u00fcm konular\u0131 g\u00f6r\u00fc\u015fm\u00fc\u015ft\u00fcr. Kurultayda \u00f6ne \u00e7\u0131kan konularla ilgili al\u0131nan kararlar\u0131 kamuoyunun bilgisine sunuyoruz.<\/p>\n\n\n\n<p>1. EGE\u00c7EP, do\u011fal ve k\u00fclt\u00fcrel varl\u0131klar\u0131n, \u00e7evre sa\u011fl\u0131\u011f\u0131 ve canl\u0131 ya\u015fam\u0131n\u0131n korunmas\u0131 konusunda \u00e7al\u0131\u015fmalar yapan, sendika, dernek, meslek odas\u0131, sivil inisiyatif, platform ve di\u011fer insan topluluklar\u0131n\u0131n ve tek tek bireylerin \u00e7al\u0131\u015fmalar\u0131n\u0131, sorunlar\u0131 ortakla\u015ft\u0131rmak, g\u00fc\u00e7 birli\u011fini sa\u011flamak, bu olu\u015fumlar\u0131n s\u00f6zc\u00fcl\u00fc\u011f\u00fcn\u00fc \u00fcstlenmek, gerekli yasal, bilimsel ve \u00f6rg\u00fctsel destekleri sa\u011flamak \u00fczere \u00e7al\u0131\u015fmalar yapar. EGE\u00c7EP fonlardan para almaz, giderlerini kendi bile\u015fenlerinin katk\u0131lar\u0131ndan kar\u015f\u0131lar. EGE\u00c7EP anti-kapitalisttir. K\u00fcresel sermayenin istek ve tercihlerine g\u00f6re dizayn edilen neoliberal politikalar\u0131n uygulanmas\u0131 sonucu, ya\u015fam alanlar\u0131 kirlenmekte ve yok olmakta, \u00e7evre sa\u011fl\u0131\u011f\u0131 ve canl\u0131 ya\u015fam\u0131 tehlikeye girmektedir. Sava\u015flar insanlarla birlikte t\u00fcm canl\u0131lar\u0131 yok edip do\u011fan\u0131n dengesini bozmaktad\u0131r. EGE\u00c7EP \u00e7evreyi kirleten ve ya\u015fam\u0131 yok eden sava\u015fa kar\u015f\u0131 ve bar\u0131\u015ftan yanad\u0131r. Faaliyetleri bar\u0131\u015f\u00e7\u0131d\u0131r. EGE\u00c7EP s\u00fcrd\u00fcr\u00fclebilir kalk\u0131nma de\u011fil, s\u00fcrd\u00fcr\u00fclebilir ya\u015famdan yanad\u0131r.<\/p>\n\n\n\n<p>2. EGE\u00c7EP genelde \u00fclkemizin yeralt\u0131 ve yer\u00fcst\u00fc zenginliklerinin, \u00f6zellikle alt\u0131n madenlerimizin talan ve telef edilmesine kar\u015f\u0131 \u00e7\u0131kmaya devam edecektir. \u00d6zellikle \u00e7okuluslu ve \u201cyerli\u201d \u015firketlerin yapt\u0131\u011f\u0131 alt\u0131n i\u015fletmecili\u011fi s\u0131ras\u0131nda ya\u015fanan toprak, su, hava ve insan kirlili\u011fine ve canl\u0131 ya\u015fam\u0131n mahvedilmesine kar\u015f\u0131 \u00e7\u0131karken ya\u015fam\u0131 savunmaya devam edecektir. Bu ba\u011flamda AKP h\u00fck\u00fcmeti taraf\u0131ndan \u00e7\u0131kart\u0131lan maden yasas\u0131n\u0131n \u2013ki d\u00fcnyan\u0131n 130 \u00fclkesinde emperyalist \u015firketlerin \u00e7\u0131kar\u0131na yap\u0131lm\u0131\u015ft\u0131r- tam bir s\u00f6m\u00fcrge \u00fclke yasas\u0131, yerk\u00fcreye ve \u00fclkemize yap\u0131lm\u0131\u015f bir ihanet yasas\u0131 oldu\u011funu ilan eder. \u00c7okuluslu alt\u0131n \u015firketlerinin \u00e7\u0131kar\u0131 i\u00e7in, U\u015fak-K\u0131\u015flada\u011f ve \u0130zmir-Efem\u00e7ukuru&#8217;nda k\u00f6yl\u00fclerin arazilerinin \u201cyurt savunmas\u0131\u201d k\u0131l\u0131f\u0131yla kamula\u015ft\u0131r\u0131lmas\u0131n\u0131 k\u0131nar ve h\u00fck\u00fcmetin adeta k\u00fcresel kapitalizmin ta\u015feronlu\u011funu yapt\u0131\u011f\u0131n\u0131 ilan eder. Bergama-Ovac\u0131k, U\u015fak-K\u0131\u015flada\u011f, \u0130zmir-Efem\u00e7ukuru, Kazda\u011flar\u0131&#8217;nda vb. alt\u0131nc\u0131 \u015firketlerin, insan\u0131 ve do\u011fal ya\u015fam\u0131 hi\u00e7e sayan, kirleten faaliyetlerine kar\u015f\u0131 duraca\u011f\u0131n\u0131, hukuk davalar\u0131 a\u00e7aca\u011f\u0131n\u0131 ve alt\u0131n avc\u0131lar\u0131n\u0131n pe\u015fini b\u0131rakmayaca\u011f\u0131n\u0131 kamuoyuna duyurur. Alt\u0131n \u015firketleri ve alt\u0131n lobileri taraf\u0131ndan \u201c\u00fclke \u00e7\u0131kar\u0131\u201d diye yap\u0131lan yalan ve demogojileri, bilimsel ger\u00e7eklerle a\u00e7\u0131\u011fa \u00e7\u0131karmay\u0131, te\u015fhir etmeyi ve engellemeyi bir insani g\u00f6rev saymaktad\u0131r.<\/p>\n\n\n\n<p>3. Turgutlu-\u00c7al Da\u011f\u0131\u2019nda, s\u00fclf\u00fcrik asitle i\u015fletilen nikel madeni, verimli tar\u0131m alanlar\u0131na b\u00fcy\u00fck zararlar vermekte, \u00e7evre sa\u011fl\u0131\u011f\u0131 ve canl\u0131 ya\u015fam\u0131 i\u00e7in risk olu\u015fturmaktad\u0131r. Bu nedenle bu i\u015fletme kapat\u0131lana dek m\u00fccadelemiz s\u00fcrecektir.<\/p>\n\n\n\n<p>4. Do\u011fal ve k\u00fclt\u00fcrel de\u011ferleri yok eden, su kaynaklar\u0131n\u0131 t\u00fcketen, k\u0131y\u0131lar\u0131m\u0131z\u0131 kamunun kullan\u0131m\u0131na kapatan golf sahal\u0131 turizm tahsisleri durdurulmal\u0131d\u0131r. Y\u0131llard\u0131r k\u00f6yl\u00fclerin S\u0130T gerek\u00e7esi ile kendi tarlalar\u0131na zeytin dikmesi dahi yasaklan\u0131rken, endemik bitkilere sahip ku\u015f cennetinin bir par\u00e7as\u0131 olan de\u011ferli k\u0131y\u0131 arazileri, golf turizmi vb. gerek\u00e7eyle S\u0130T kapsam\u0131ndan \u00e7\u0131kar\u0131larak rantiyecilerin talan\u0131na a\u00e7\u0131lm\u0131\u015ft\u0131r. \u201cYoksula gelince S\u0130T, Zengine gelince AL-G\u0130T\u201d olabilir mi?<\/p>\n\n\n\n<p>5. Su \u00fcr\u00fcnleri yeti\u015ftiricili\u011fine y\u00f6nelik yat\u0131r\u0131mlar, biyo\u00e7e\u015fitlilik a\u00e7\u0131s\u0131ndan kritik \u00f6neme sahip ve y\u00fcksek peyzaj de\u011feri ta\u015f\u0131yan Karaburun k\u0131y\u0131lar\u0131n\u0131 kirletecektir. Karaburun E\u011friliman mevkii ile Mordo\u011fan Kumburnu aras\u0131ndaki hatt\u0131n kuzeyinde bal\u0131k \u00e7iftliklerine izin verilmemeli, bu hatt\u0131n g\u00fcneyinde ciddi bir kirlilik yaratm\u0131\u015f olan \u00e7iftlikler ivedilikle kald\u0131r\u0131lmal\u0131d\u0131r. Bu kadar k\u0131y\u0131ya yak\u0131n, s\u0131\u011f deniz ortam\u0131nda ve yo\u011fun, end\u00fcstriyel tarzda birbirine yak\u0131n bal\u0131k \u00e7iftliklerinde elbette hayvan hastal\u0131klar\u0131n\u0131n ortaya \u00e7\u0131kmas\u0131 ka\u00e7\u0131n\u0131lmaz oldu\u011fu gibi \u00e7iftliklerin bulundu\u011fu s\u0131\u011f deniz ortam\u0131nda meydana getirdikleri at\u0131klar\u0131n yaratt\u0131\u011f\u0131 birikim, \u00e7evre sa\u011fl\u0131\u011f\u0131 ve toplum sa\u011fl\u0131\u011f\u0131n\u0131 riske atacakt\u0131r. Bu nedenle bal\u0131k \u00e7iftliklerinin konumu, yeti\u015ftirme, \u00e7evre ve bal\u0131k sa\u011fl\u0131\u011f\u0131na uygun \u015fekilde g\u00f6zden ge\u00e7irilerek k\u0131y\u0131dan uzak mesafelerde, olmas\u0131 gereken yerlerde olmal\u0131d\u0131r. \u00d6nemli bir biyolojik rezerv alan\u0131 olarak korunmas\u0131 gereken Karaburun Yar\u0131madas\u0131 para kazanma h\u0131rs\u0131na kurban edilmemelidir.<\/p>\n\n\n\n<p>6. Hayvan ve \u00e7evre ili\u015fkisi \u00e7ok \u00f6nemlidir. Hayvanlar\u0131 hastal\u0131klardan korumak gerekir, hastalanabilir diye itlaf etmek de\u011fil. Koruyucu Hekimlik bu amaca hizmet eder. Sasal\u0131, do\u011fal ya\u015fam park\u0131 i\u00e7in ku\u015f cennetine yak\u0131nl\u0131\u011f\u0131 nedeniyle hi\u00e7 uygun bir se\u00e7im de\u011fildir. EGE\u00c7EP bile\u015feni olan \u0130zmir Veteriner Hekimler Odas\u0131, bu konuda uyar\u0131lar\u0131n\u0131 yapm\u0131\u015ft\u0131r. EGE\u00c7EP, Sasal\u0131\u2019da bir hayvanat bah\u00e7esi kurulmas\u0131n\u0131 uygun g\u00f6rmemektedir.<\/p>\n\n\n\n<p>7. Anayasa de\u011fi\u015fikli\u011fi tasla\u011f\u0131nda yer alan \u201corman alan\u0131 d\u0131\u015f\u0131na \u00e7\u0131kar\u0131labilecek alanlar\u0131n geni\u015fletilmesi\u201d d\u00fczenlemesi, daha \u00f6nce yasala\u015famayan 2\/b yasalar\u0131n\u0131n yeniden g\u00fcndeme getirilmesi, orman alan\u0131 d\u0131\u015f\u0131na \u00e7\u0131kar\u0131lacak yerlerin i\u015fgalcilere devredilerek orman i\u015fgalcilerinin \u00f6d\u00fcllendirilmek istenmesi, kayg\u0131 vericidir. Rant hesapl\u0131 politikalara uygun yat\u0131r\u0131mlar nedeniyle, son 35 y\u0131lda \u00fclkemizdeki ormanl\u0131k alanlar %33 ten %13\u2019e d\u00fc\u015fm\u00fc\u015ft\u00fcr. Koruyucu, \u00f6nleyici ve geli\u015ftirici tedbirlerden \u00e7ok yang\u0131n s\u00f6nd\u00fcrme yat\u0131r\u0131mlar\u0131 artt\u0131r\u0131lm\u0131\u015f olmas\u0131na kar\u015f\u0131n, yang\u0131nlar giderek azalmam\u0131\u015f artm\u0131\u015ft\u0131r. Buna ba\u011fl\u0131 olarak a\u011fa\u00e7land\u0131rma \u015firketleri artarken, madencilik, ikinci konutlar, turizm tahsisleri vb. k\u00e2ra  dayal\u0131 yat\u0131r\u0131mlar\u0131n te\u015fvik edilmesi sonucu ormanl\u0131k alanlar h\u0131zla azalm\u0131\u015ft\u0131r. Bir an \u00f6nce kar hesaplar\u0131na ve ranta dayal\u0131 d\u00fczenlemelerden vazge\u00e7ilerek, yanan ormanl\u0131k alanlar\u0131n ba\u015fka ama\u00e7l\u0131 kullan\u0131lmas\u0131 kesinlikle engellenmeli, koruyucu ve geli\u015ftirici kamusal e\u011fitim ve uygulamalara a\u011f\u0131rl\u0131k verilmelidir. Orman yang\u0131nlar\u0131yla olu\u015fan \u201corman vasf\u0131n\u0131 yitirmi\u015f alanlar\u0131n\u201d, orman alan\u0131 d\u0131\u015f\u0131na \u00e7\u0131kart\u0131lmas\u0131n\u0131 sa\u011flayan yasal d\u00fczenlemelerden vazge\u00e7ilmelidir. Kas\u0131tl\u0131 \u00e7\u0131kart\u0131lan orman yang\u0131nlar\u0131 ancak bu \u015fekilde \u00f6nlenebilir.<\/p>\n\n\n\n<p>8. \u0130zmir, EXPO 2015 ba\u015fvurusunda Allianoi\u2019un ve su perisi heykelini kullan\u0131yor, k\u00fclt\u00fcrel ve tarihi dokunun \u00f6ne \u00e7\u0131kar\u0131lmas\u0131 \u00f6nemli diyor. Peki Allianoi\u2019un kille \u00f6rt\u00fcl\u00fcp sulara g\u00f6m\u00fclmesi konusunda Allianoi\u2019u korumak yolunda neden hi\u00e7bir \u015fey yap\u0131lm\u0131yor? Bunu anlamak m\u00fcmk\u00fcn de\u011fil. EGE\u00c7EP, Allianoi\u2019un sulara bo\u011fulmamas\u0131, yerinde korunarak gelecek ku\u015faklara aktar\u0131lmas\u0131 i\u00e7in \u00e7al\u0131\u015fmalar\u0131n\u0131 s\u00fcrd\u00fcrecektir. Y\u00f6re k\u00f6yl\u00fclerinin sulama suyu bahanesi ile bir tarih katliam\u0131na izin vermeyecektir. K\u00f6yl\u00fcn\u00fcn susuz kalmamas\u0131 i\u00e7in, bilim insanlar\u0131n\u0131n \u00f6nerileri DS\u0130 taraf\u0131ndan dikkate al\u0131nmal\u0131d\u0131r.<\/p>\n\n\n\n<p>9. Elektromanyetik alan\u0131n sa\u011fl\u0131k \u00fczerine etkilerinin varl\u0131\u011f\u0131na dair ciddi kan\u0131tlar oldu\u011fundan, baz istasyonlar\u0131, oyun park\u0131, cami gibi toplu ya\u015fam yerlerine yak\u0131n de\u011fil, insan sa\u011fl\u0131\u011f\u0131n\u0131 etkilemeyecek mesafelerde kurulmal\u0131d\u0131r. Var olan mevzuat\u0131n koydu\u011fu s\u0131n\u0131r de\u011ferlerin alt\u0131nda da sa\u011fl\u0131k etkilerinin olabilece\u011fine dikkat \u00e7ekilmektedir.<\/p>\n\n\n\n<p>10. Sa\u011fl\u0131kta d\u00f6n\u00fc\u015f\u00fcm ad\u0131 alt\u0131nda dayat\u0131lan sa\u011fl\u0131k program\u0131n\u0131 \u201cs\u00fcrd\u00fcr\u00fclebilir ya\u015fam\u201d ile ba\u011fda\u015fmad\u0131\u011f\u0131ndan dolay\u0131 onaylam\u0131yoruz. Bu ba\u011flamda, emeklilerimizin sa\u011fl\u0131kl\u0131 ya\u015fam ko\u015fullar\u0131n\u0131n sa\u011flanmas\u0131 gerekti\u011fini vurguluyor, \u00f6rg\u00fctlenme haklar\u0131n\u0131 savunuyoruz<\/p>\n\n\n\n<p>11. Harmandal\u0131\u2019da \u00e7\u00f6pler, art\u0131k neredeyse evlerin bah\u00e7elerine kadar uzanm\u0131\u015ft\u0131r, \u00e7\u00f6p deponi alanlar\u0131, yerle\u015fim yerleri ile i\u00e7 i\u00e7edir; hastal\u0131k ve patlama riski gittik\u00e7e artmaktad\u0131r. \u00c7\u00f6p \u00fcretiminin azalt\u0131lmas\u0131 ve yerinden ayr\u0131\u015ft\u0131r\u0131lmas\u0131 i\u00e7in gereken \u00f6nlemler al\u0131nmal\u0131, birikmi\u015f \u00e7\u00f6pler i\u00e7in insan ve \u00e7evre sa\u011fl\u0131\u011f\u0131na uygun acil \u00e7\u00f6z\u00fcm \u00fcretilmelidir.<\/p>\n\n\n\n<p>12. Alia\u011fa\u2019da kurulu bulunan sanayi tesisleri nedeniyle Alia\u011fa ve y\u00f6resi zaten kirlili\u011fin yo\u011fun ya\u015fand\u0131\u011f\u0131 ve s\u0131n\u0131r de\u011ferlerin fazlas\u0131yla a\u015f\u0131ld\u0131\u011f\u0131 bir b\u00f6lge halini alm\u0131\u015ft\u0131. Ba\u015fvurusu yap\u0131lan Termik Santraller, teknolojik t\u00fcm \u00f6nlemler al\u0131nsa bile, yaln\u0131zca Alia\u011fa i\u00e7in de\u011fil, \u0130zmir Kenti ile Kuzey Ege k\u0131y\u0131lar\u0131 ve b\u00f6lgenin tamam\u0131 i\u00e7in b\u00fcy\u00fck bir \u00e7evresel felaket yarataca\u011f\u0131, bilim insanlar\u0131 taraf\u0131ndan vurgulanmaktad\u0131r. Alia\u011fa\u2019ya termik santral yap\u0131lmas\u0131na 18 y\u0131l \u00f6nce yapt\u0131\u011f\u0131m\u0131z gibi yine izin vermeyece\u011fiz.<\/p>\n\n\n\n<p>13. Alia\u011fa\u2019da, y\u0131lda ortalama 200 kadar gemi s\u00f6k\u00fclmektedir. Gemi s\u00f6k\u00fcmleri nedeniyle, T\u00fcrkiye ve \u00f6zellikle de Alia\u011fa \u00e7ok b\u00fcy\u00fck bir \u00e7evresel y\u0131k\u0131mla kar\u015f\u0131 kar\u015f\u0131yad\u0131r. Bu y\u0131k\u0131m\u0131n \u00f6nlenebilmesi i\u00e7in, Basel Anla\u015fmas\u0131\u2019na uyulmal\u0131d\u0131r. Mevcut Uluslararas\u0131 Anla\u015fmalar, Yasa, T\u00fcz\u00fck ve Y\u00f6netmelikler ger\u00e7ek anlamda uygulanmal\u0131d\u0131rlar. Gemi s\u00f6k\u00fcmleri; daha yo\u011fun teknolojiler kullan\u0131larak, gemiler topraktan ve denizden yal\u0131t\u0131larak havuzlarda yap\u0131lmal\u0131d\u0131r; ba\u015ftankara y\u00f6ntemi terk edilmelidir. Gemi s\u00f6k\u00fcm\u00fc, Gemi M\u00fchendislerinin g\u00f6zetiminde ger\u00e7ekle\u015ftirilmeli, insan ve \u00e7evre sa\u011fl\u0131\u011f\u0131na zarar vermeyecek y\u00f6ntemler uygulanmal\u0131d\u0131r.<\/p>\n\n\n\n<p>14. Menemen-Emiralem\u2019de ta\u015f ve kire\u00e7 ocaklar\u0131 nedeniyle, verimli topraklar ve su kaynaklar\u0131 bol olan Yamanlar Havzas\u0131 yok olacakt\u0131r. Mahkeme s\u00fcrecinde olumlu bir karar ald\u0131k ancak dava y\u00fcksek mahkeme a\u015famas\u0131nda.<\/p>\n\n\n\n<p>15. K\u00fcreselle\u015fen ve vah\u015file\u015fen kapitalizm, g\u00f6z\u00fcn\u00fc yer alt\u0131 ve yer\u00fcst\u00fc kaynaklar\u0131na dikmi\u015ftir. AKP \u0130ktidar\u0131, uygulad\u0131\u011f\u0131 politikalarla ya\u015fam alanlar\u0131n\u0131n ranta a\u00e7\u0131lmas\u0131 i\u00e7in her t\u00fcrl\u00fc kolayl\u0131\u011f\u0131 sa\u011fl\u0131yor. \u015eimdi de Anayasa de\u011fi\u015fikli\u011fi i\u00e7inde, orman alanlar\u0131n\u0131n de di\u011fer do\u011fal ve k\u00fclt\u00fcrel varl\u0131klar\u0131n talana a\u00e7\u0131lmas\u0131, anayasal g\u00fcvence alt\u0131na al\u0131nmak isteniyor. \u00c7evre Hakk\u0131 Anayasadan \u00e7\u0131kart\u0131l\u0131yor, Anayasa tart\u0131\u015fmalar\u0131 i\u00e7inde, \u00fczerinde durulmas\u0131 gereken en \u00f6nemli noktalardan birisi budur. EGE\u00c7EP, talan\u0131n, yok etmenin, kirletmenin yolunu a\u00e7an bir Anayasa de\u011fil, demokratik, e\u015fitlik\u00e7i, \u00f6zg\u00fcrl\u00fck\u00e7\u00fc ve ya\u015fam\u0131n savunulmas\u0131n\u0131 koruma al\u0131na alan bir Anayasa istiyor.<\/p>\n\n\n\n<p>Bas\u0131na ve kamuoyuna sayg\u0131yla duyururuz.<\/p>\n\n\n\n<p><em>Erhan \u0130\u00c7\u00d6Z<br>EGE\u00c7EP D\u00f6nem S\u00f6zc\u00fcs\u00fc<\/em><\/p>\n\n\n\n<p><strong>3. EGE\u00c7EP 2. B\u0130LE\u015eENLER KURULTAYI SONU\u00c7 B\u0130LD\u0130RGES\u0130<\/strong> (7-8 \u015eUBAT 2009)<\/p>\n\n\n\n<p>Allianoi Giri\u015fim Grubu, Ayval\u0131k \u00c7evre Koruma Derne\u011fi, \u00c7a\u011fda\u015f Hukuk\u00e7ular Derme\u011fi \u0130zmir \u015eubesi, \u00c7i\u011fli-Harmandal\u0131 \u00c7evre Platformu, D\u0130SK Emekli\u2013Sen \u0130zmir 4 No&#8217;lu Bornova \u015eubesi, D\u0130SK Emekli-Sen \u0130zmir 3 No&#8217;lu Buca \u015eubesi, EFES\u00c7ED-Efes \u00c7evre, Do\u011fa ve K\u00fclt\u00fcr Derne\u011fi, EGECEP Derne\u011fi, Ege 78\u2019liler Demokrasi ve Dayan\u0131\u015fma Derne\u011fi, \u0130zmir-Bergama, E\u015fme Elele Hareketi, Gerence K\u00f6rfezi Sivil \u0130nisiyatifi, G\u00fczelbah\u00e7e K\u00fclt\u00fcr \u00c7evre ve G\u00fczelle\u015ftirme Derne\u011fi, \u0130zmir Veteriner Hekimler Odas\u0131, Karaburun Sivil \u0130nisiyatif, Karaburun Yar\u0131madas\u0131 YG21, Karaburun Yerel Fok Komitesi, Karaotlular Tohum Derne\u011fi, K\u00fcresel Is\u0131nma \u0130zmir \u00c7al\u0131\u015fma Grubu, Menemen Emiralem \u00c7evre Platformu, \u00d6zdere \u00c7evre Koruma, Dayan\u0131\u015fma Ve Geli\u015ftirme Derne\u011fi, Tehlikeli Gemi S\u00f6k\u00fcm\u00fcn\u00fc \u00d6nleme Giri\u015fimi, TMMOB G\u0131da M\u00fch. Odas\u0131 Ege B\u00f6lge \u015eubesi, TMMOB Kimya M\u00fch. Odas\u0131 Ege B\u00f6lge \u015eubesi, TMMOB Ziraat M\u00fch. Odas\u0131 \u0130zmir \u015eubesi, Turgutlu Bedensel Engelliler Derne\u011fi, Turgutlu Toplumsal Dayan\u0131\u015fma ve K\u00fclt\u00fcr Merkezi \u00c7evre Komisyonu, U\u015fak \u0130nay Vicdan Hareketi, Ye\u015filler \u0130zmir Grubu, Bireysel Kat\u0131l\u0131mc\u0131lar.<br>Aday \u00dcye: Bazdur Platformu<br><br>EGE\u00c7EP, iki g\u00fcnl\u00fck kurultay\u0131 boyunca g\u00fcndemindeki t\u00fcm konular\u0131 g\u00f6r\u00fc\u015fm\u00fc\u015ft\u00fcr. Kurultay&#8217;da \u00f6ne \u00e7\u0131kan konularla ilgili al\u0131nan kararlar\u0131 kamuoyunun bilgisine sunuyoruz.<\/p>\n\n\n\n<p>Kurultay Ana Temas\u0131 \u201cSu Hakt\u0131r Satt\u0131rmay\u0131z\u201d ve \u0130kinci Temas\u0131 ise \u201cYerel Y\u00f6netimler ve \u00c7evre\u201d olarak belirlenmi\u015ftir. Bu temalar, bile\u015fenler taraf\u0131ndan tart\u0131\u015f\u0131larak EGE\u00c7EP g\u00f6r\u00fc\u015f\u00fc olu\u015fturulmu\u015ftur.<\/p>\n\n\n\n<p>Kurultay&#8217;da ayr\u0131ca g\u00fcncel \u00e7evre sorunlar\u0131yla Bile\u015fenlerin sorunlar\u0131, \u00e7\u00f6z\u00fcm \u00f6nerileri tart\u0131\u015f\u0131larak karara ba\u011flanm\u0131\u015ft\u0131r.<\/p>\n\n\n\n<p>Kurultay sonucunda yeni Y\u00fcr\u00fctme Kurulu; t\u00fcm kat\u0131l\u0131mc\u0131lar\u0131n ortak \u00f6nerisiyle a\u015fa\u011f\u0131daki isimlerden olu\u015fmu\u015ftur.<br>\u00b7 Erhan \u0130\u00e7\u00f6z<br>\u00b7 Berrin Esin Kaya<br>\u00b7 Mehmet \u015eahin<br>\u00b7 H\u00fclya Y\u0131lmaz<br>\u00b7 Tekin Karada\u011f<br>\u00b7 Ali \u0130hsan \u00c7apk\u0131n<br>\u00b7 Erkan \u00c7\u0131nar<br>\u00b7 Samet Baskak<br>\u00b7 Yekta \u00dcnsal<\/p>\n\n\n\n<p>Bu kurultayda da ilk Kurultay\u0131m\u0131zda belirlenen EGE\u00c7EP \u0130lkelerine yeniden dikkat \u00e7ekilmi\u015f ve aynen benimsenmi\u015ftir:<\/p>\n\n\n\n<p>EGE\u00c7EP, do\u011fal ve k\u00fclt\u00fcrel varl\u0131klar\u0131n, \u00e7evre sa\u011fl\u0131\u011f\u0131 ve canl\u0131 ya\u015fam\u0131n\u0131n korunmas\u0131 konusunda \u00e7al\u0131\u015fmalar yapan, sendika, dernek, meslek odas\u0131, sivil inisiyatif, platform ve di\u011fer insan topluluklar\u0131n\u0131n ve tek tek bireylerin \u00e7al\u0131\u015fmalar\u0131n\u0131, sorunlar\u0131 ortakla\u015ft\u0131rmak, g\u00fc\u00e7 birli\u011fini sa\u011flamak, bu olu\u015fumlar\u0131n s\u00f6zc\u00fcl\u00fc\u011f\u00fcn\u00fc \u00fcstlenmek, gerekli yasal, bilimsel ve \u00f6rg\u00fctsel destekleri sa\u011flamak \u00fczere \u00e7al\u0131\u015fmalar yapar. EGE\u00c7EP fonlardan para almaz, giderlerini kendi bile\u015fenlerinin katk\u0131lar\u0131ndan kar\u015f\u0131lar. EGE\u00c7EP anti-kapitalisttir. K\u00fcresel sermayenin istek ve tercihlerine g\u00f6re dizayn edilen neoliberal politikalar\u0131n uygulanmas\u0131 sonucu, ya\u015fam alanlar\u0131 kirlenmekte ve yok olmakta, \u00e7evre sa\u011fl\u0131\u011f\u0131 ve canl\u0131 ya\u015fam\u0131 tehlikeye girmektedir. Sava\u015flar insanlarla birlikte t\u00fcm canl\u0131lar\u0131 yok edip do\u011fan\u0131n dengesini bozmaktad\u0131r. EGE\u00c7EP \u00e7evreyi kirleten ve ya\u015fam\u0131 yok eden sava\u015fa kar\u015f\u0131 ve bar\u0131\u015ftan yanad\u0131r. Faaliyetleri bar\u0131\u015f\u00e7\u0131d\u0131r. EGE\u00c7EP s\u00fcrd\u00fcr\u00fclebilir kalk\u0131nma de\u011fil, s\u00fcrd\u00fcr\u00fclebilir ya\u015famdan yanad\u0131r. Bu ilkelerin yan\u0131 s\u0131ra, a\u015fa\u011f\u0131daki hususlar\u0131n da kamuoyu ile payla\u015f\u0131lmas\u0131 ve takip\u00e7isi olunaca\u011f\u0131 vurgulanm\u0131\u015ft\u0131r.<\/p>\n\n\n\n<p>1. SU KAYNAKLARININ KORUNMASI VE SA\u011eLIKLI SUYA ER\u0130\u015e\u0130M HAKKI<\/p>\n\n\n\n<p>\u00b7 Suya eri\u015fim bir hakt\u0131r. Ancak, sadece insan hakk\u0131 de\u011fil t\u00fcm canl\u0131lar\u0131n ya\u015famsal hakk\u0131d\u0131r.<br>\u00b7 Suya eri\u015fim hakk\u0131 bir kamu hizmeti olarak sa\u011flanmal\u0131d\u0131r. Bu hizmetlerin ticari i\u015fletme anlay\u0131\u015f\u0131 ile y\u00fcr\u00fct\u00fclmesi kabul edilemez. Su ticari meta olarak g\u00f6r\u00fclemez. Do\u011fa taraf\u0131ndan verilen bu hakk\u0131n ticarile\u015ftirilmesi ve \u00f6zelle\u015ftirilmesi kabul edilemez.<br>\u00b7 G\u00f6llerin ve nehirlerin \u00f6zelle\u015ftirilmesine, suyun da\u011f\u0131t\u0131m \u015firketlerine verilmesine, suyun kullan\u0131lmadan pe\u015fin \u00f6demeli (kont\u00f6rl\u00fc) olarak sat\u0131\u015f\u0131na kar\u015f\u0131 \u00e7\u0131k\u0131lmal\u0131d\u0131r.<br>\u00b7 D\u00fcnya Su Forumu program\u0131 ve ilkelerine kar\u015f\u0131 duran bir yerel y\u00f6netim olmal\u0131d\u0131r.<br>\u00b7 Suyun kullan\u0131m alanlar\u0131n\u0131n evsel, tar\u0131m, sanayi, turizm olarak s\u0131n\u0131fland\u0131r\u0131larak \u00e7\u00f6z\u00fcm \u00f6nerileri bu \u00e7er\u00e7evede ele al\u0131nmal\u0131d\u0131r.<br>\u00b7 Yerel y\u00f6netimler suyun \u00fccretsiz da\u011f\u0131t\u0131lmas\u0131n\u0131, sa\u011fl\u0131kl\u0131, kullan\u0131labilir, i\u00e7ilebilir suya halk\u0131n eri\u015filebilmesini sa\u011flamal\u0131d\u0131r.<br>\u00b7 Temel bir hak ve gereksinim olan suyun \u00fccretli olmas\u0131 yoksul halk\u0131 ka\u00e7ak kullan\u0131ma y\u00f6neltmektedir. Oysa ki sa\u011fl\u0131kl\u0131 bir ya\u015fam i\u00e7in gerekli olan su miktar\u0131 \u00fccretsiz olarak sa\u011flanmal\u0131d\u0131r.<br>\u00b7 Suyun gereksiz kullan\u0131m\u0131n\u0131 ve israf\u0131n\u0131 \u00f6nlemek amac\u0131yla t\u00fcketicin bilgilendirilerek e\u011fitilmesini sa\u011flanmal\u0131 a\u015f\u0131r\u0131 su t\u00fcketimi \u00f6nlenmelidir.<br>\u00b7 Su da\u011f\u0131t\u0131m\u0131ndaki da\u011f\u0131t\u0131m \u015febekesinden kaynaklanan kay\u0131plar\u0131n \u00f6nlenmesi i\u00e7in gerekli \u00f6nlemler al\u0131nmal\u0131d\u0131r.<br>\u00b7 Su kaynaklar\u0131n\u0131n denetimsiz olarak kullan\u0131m\u0131nda yerel y\u00f6netimin denetimini etkinle\u015ftirmelidir. Yeralt\u0131 su kaynaklar\u0131n\u0131n talan\u0131na neden olan Kent i\u00e7erisindeki \u00f6zel sondaj kuyular\u0131 kapat\u0131lmal\u0131d\u0131r.<br>\u00b7 Aslolan suyun kirletilmemesidir. Su kaynaklar\u0131n\u0131 etkileyecek alanlarda madencilik ve kirletici sanayi faaliyetlerine izin verilmemelidir.<br>\u00b7 Sanayinin a\u015f\u0131r\u0131 su t\u00fcketimine engel olunmal\u0131, ar\u0131tma tesisi olmayan i\u015fletmelere izin verilmemelidir.<br>\u00b7 Turizm alanlar\u0131nda su kaynaklar\u0131n\u0131 gereksiz ve fazla kullan\u0131m\u0131 engellenmeli, a\u015f\u0131r\u0131 su t\u00fcketimine ve kirlenmesine yol a\u00e7an golf sahalar\u0131, aquaparklar gibi tesislere izin verilmemelidir.<br>\u00b7 Ya\u011fmur ve at\u0131k sular\u0131n\u0131n geri kullan\u0131ma kazand\u0131r\u0131lmas\u0131n\u0131 sa\u011flayacak projeler desteklenmelidir.<br>\u00b7 Tar\u0131m alan\u0131nda, k\u00fc\u00e7\u00fck \u00fcreticinin tar\u0131msal \u00fcretim i\u00e7in gereksinimi olan su \u00fccretsiz sa\u011flanmal\u0131, \u201cbas\u0131n\u00e7l\u0131 su sulama sistemleri\u201d te\u015fvik edilmeli, gerekti\u011fi kadar su kullan\u0131m\u0131 bilinci olu\u015fturulmal\u0131d\u0131r.<br>\u00b7 Konrols\u00fcz ila\u00e7 ve kimyasal kullan\u0131m\u0131 nedeniyle su kaynaklar\u0131n\u0131 kirlenmesine yol a\u00e7an tar\u0131msal \u00fcretime izin verilmemelidir.<\/p>\n\n\n\n<p>2. DO\u011eANIN VE YA\u015eAM ALANLARININ KORUNMASI<\/p>\n\n\n\n<p>\u00b7 Ya\u015fam\u0131n s\u00fcrd\u00fcr\u00fclebilirli\u011fi esas al\u0131nmal\u0131d\u0131r.<br>\u00b7 Ya\u015fam alanlar\u0131n\u0131 tahrip etmeyen \u00fcretimi te\u015fvik edilmelidir.<br>\u00b7 Yerle\u015fim alanlar\u0131, kentle\u015fme do\u011fal ya\u015fam alanlar\u0131na zarar vermeyecek \u015fekilde planlanmal\u0131d\u0131r.<br>\u00b7 Tar\u0131m alanlar\u0131n\u0131n ama\u00e7 d\u0131\u015f\u0131 kullan\u0131lmas\u0131n\u0131n \u00f6n\u00fcne ge\u00e7ilmelidir.<br>\u00b7 Biyo\u00e7e\u015fitlili\u011fi koruyan planlama yap\u0131lmal\u0131d\u0131r.<br>\u00b7 GDO \u00fcretimine ve bu konudaki ara\u015ft\u0131rmalara da onay verilmemelidir.<br>\u00b7 \u201c\u00dcretici Pazar Yerleri\u201d olu\u015fturulmal\u0131, \u00fcr\u00fcnler \u00fcreticiden do\u011frudan t\u00fcketiciye ula\u015ft\u0131r\u0131lmal\u0131d\u0131r.<br>\u00b7 Fosil yak\u0131tlara dayal\u0131 enerji kaynaklar\u0131n\u0131n yerine , yenilenebilir enerji (jeotermal, g\u00fcne\u015f ve r\u00fczgar enerjisi) kaynaklar\u0131n\u0131n kullan\u0131m\u0131 te\u015fvik edilmelidir.<br>\u00b7 Ekosisteme zarar verilmemesi i\u00e7in do\u011fal sit alanlar\u0131 ile ilgili planlananlar yap\u0131lmal\u0131 ve bu alanlar\u0131n korunmas\u0131nda halk\u0131n kat\u0131l\u0131m\u0131n\u0131n sa\u011flanmal\u0131d\u0131r.<br>\u00b7 K\u00fcresel \u0131s\u0131nma ve iklim de\u011fi\u015fikline kar\u015f\u0131 ula\u015f\u0131mda toplu ta\u015f\u0131m olanaklar\u0131n\u0131 kullanan geli\u015ftiren deniz ula\u015f\u0131m\u0131n\u0131 daha etkin ve yo\u011fun kullan\u0131lmal\u0131d\u0131r. Bisiklet yollar\u0131n\u0131n yap\u0131lmas\u0131, motorlu ara\u00e7 d\u0131\u015f\u0131ndaki ula\u015f\u0131m ara\u00e7lar\u0131n\u0131n te\u015fvik edilmelidir. Metro ve iskelelerde bisiklet parklar\u0131 olu\u015fturularak kent i\u00e7i ula\u015f\u0131mda bisiklet kullan\u0131m\u0131 yayg\u0131nla\u015ft\u0131r\u0131lmal\u0131d\u0131r.<br>\u00b7 Hava kirlili\u011fi kontrol istasyonlar\u0131n\u0131 yayg\u0131nla\u015ft\u0131r\u0131lmal\u0131d\u0131r. Hava kalitesini bozan ve k\u00fcresel iklim de\u011fi\u015fikli\u011fine yol a\u00e7an sanayi tesislerine izin verilmemeli var olanlar\u0131n, ruhsatlar\u0131n\u0131n iptaline karar verilmelidir.<br>\u00b7 Sulak alanlar korunmal\u0131d\u0131r.<br>\u00b7 Toprak s\u0131n\u0131flar\u0131, \u00fcr\u00fcn desenleri, jeolojik yap\u0131, tarihsel ve k\u00fclt\u00fcrel de\u011ferler vb. belirlenerek \u201carazi kullan\u0131m haritalar\u0131\u201d olu\u015fturulmal\u0131 , kentler, madenler, sanayi ve tar\u0131msal alanlar buna g\u00f6re planlanmal\u0131d\u0131r. Kar ama\u00e7l\u0131 olarak planlar\u0131n de\u011fi\u015ftirilmemesi i\u00e7in diren\u00e7li y\u00f6netim anlay\u0131\u015f\u0131 olmal\u0131d\u0131r. <\/p>\n\n\n\n<p>\u00b7 Binalara, insanlar\u0131n yo\u011fun ya\u015fad\u0131\u011f\u0131 yerlere baz istasyonlar\u0131n\u0131n kurulmas\u0131 engellenmelidir.<\/p>\n\n\n\n<p>\u00b7 ATIKLAR<br>\u00b7 Evsel ve Sanayi at\u0131klar\u0131n\u0131n ayr\u0131 de\u011ferlendirilmesi ve at\u0131k ayr\u0131\u015ft\u0131rmas\u0131n\u0131n sa\u011flanmal\u0131d\u0131r.<br>\u00b7 At\u0131k ya\u011flar\u0131n toplanmas\u0131 ve geri d\u00f6n\u00fc\u015f\u00fcm\u00fc sa\u011flanmal\u0131d\u0131r.<br>\u00b7 Kat\u0131 ve Tehlikeli at\u0131klar denetim alt\u0131na al\u0131nmal\u0131, ve bertaraf\u0131 do\u011faya zarar vermeyecek \u015fekilde planlanmal\u0131d\u0131r.<br>\u00b7 Evsel at\u0131klar\u0131n ayr\u0131\u015ft\u0131r\u0131larak toplanmal\u0131 ve organik at\u0131klar\u0131n tar\u0131mda kullan\u0131lmas\u0131n\u0131 sa\u011flayacak projeler \u00fcretilmelidir.<br>\u00b7 Binalar\u0131n y\u0131k\u0131m\u0131nda ortaya \u00e7\u0131kan asbest kontrol alt\u0131na al\u0131nmal\u0131d\u0131r.<\/p>\n\n\n\n<p>3. K\u00dcLT\u00dcREL VE TAR\u0130HSEL DE\u011eERLER\u0130N KORUNMASI<\/p>\n\n\n\n<p>Eski binalar\u0131n restorasyonu amac\u0131yla r\u00f6leve \u00e7al\u0131\u015fmalar\u0131n\u0131 belediyeler finanse etmelidir. Eski yap\u0131lar, sadece tarihi olarak ele al\u0131nmamal\u0131, projelerle k\u00fclt\u00fcrel yap\u0131 ya\u015famsal olarak korunmal\u0131d\u0131r.<br>Tarihi mekanlar, ki\u015filerin de\u011fil kamusal kullan\u0131ma a\u00e7\u0131lmas\u0131 sa\u011flanmal\u0131d\u0131r. Tarihsel ve k\u00fclt\u00fcrel de\u011ferler metala\u015ft\u0131r\u0131lmamal\u0131, bu de\u011ferlere ula\u015f\u0131m ticari olmamal\u0131d\u0131r.<br>Tarihi dokular\u0131n bozulmamas\u0131 i\u00e7in ara\u015ft\u0131rmalar yap\u0131lmal\u0131, tarihi dokular\u0131 korumaya y\u00f6nelik \u00f6zendirici uygulamalar ger\u00e7ekle\u015ftirilmeli, halk\u0131n kendi ya\u015fad\u0131\u011f\u0131 \u015fehir ile tan\u0131\u015fmas\u0131 sa\u011flanmal\u0131d\u0131r.<br>\u00d6ren yerlerinin civar yerle\u015fim yerleri ile ekonomik etkile\u015fiminin sa\u011flanmas\u0131na y\u00f6nelik projeler olu\u015fturulmal\u0131,<br>M\u00fcze kent kavram\u0131 olu\u015fturulmal\u0131d\u0131r. Bu gibi alanlar\u0131n yeni yap\u0131lardan ar\u0131nd\u0131r\u0131lmas\u0131 sa\u011flanmal\u0131d\u0131r.<br>Sosyal ve k\u00fclt\u00fcrel \u00e7e\u015fitlilik ile yok olmayla kar\u015f\u0131 kar\u015f\u0131ya olan k\u00fclt\u00fcrler korunmal\u0131d\u0131r.<\/p>\n\n\n\n<p>4. DO\u011eANIN VE B\u0130YOLOJ\u0130K \u00c7E\u015e\u0130TL\u0130L\u0130\u011e\u0130N, YA\u015eAM ALANLARININ, SU KAYNAKLARININ, K\u00dcLT\u00dcREL VE TAR\u0130HSEL DE\u011eERLER\u0130N KORUNMASI VE YEREL Y\u00d6NET\u0130MLER:<br>G\u00fcn\u00fcm\u00fczde kentler ve yerel y\u00f6netimler kapitalist sermaye birikiminin en \u00f6nemli hedefi haline gelmi\u015ftir. Sermayenin sald\u0131r\u0131lar\u0131 ve neoliberal politikalar do\u011fay\u0131, tar\u0131m\u0131, ya\u015fam alanlar\u0131n\u0131, su kaynaklar\u0131n\u0131, k\u00fclt\u00fcrel ve tarihsel de\u011ferleri tahrip etmekte, kentleri ya\u015fanmaz hale getirmektedir.<br>EGE\u00c7EP olarak halk\u0131; 29 Mart 2009 da yap\u0131lacak yerel se\u00e7imlerinde \u201cSuyun Ticarile\u015ftirilmesine\u201d a\u00e7\u0131k\u00e7a kar\u015f\u0131 \u00e7\u0131kaca\u011f\u0131n\u0131 s\u00f6ylemeyen ve bunun s\u00f6z\u00fcn\u00fc vermeyen, suyun bir hak oldu\u011funu inanarak savunmayan belediye ba\u015fkan adaylar\u0131na oy vermemeye \u00e7a\u011f\u0131r\u0131yoruz. \u00d6zel olarak \u0130zmir\u2019de, B\u00fcy\u00fck\u015fehir, Bal\u00e7ova, Narl\u0131dere, G\u00fczelbah\u00e7e, Seferihisar, G\u00fcm\u00fcld\u00fcr ve \u00d6zdere belediye ba\u015fkan adaylar\u0131 ba\u015fta olmak \u00fczere, \u0130zmirlilerin suyunun zehirlenmemesi i\u00e7in Efem\u00e7ukuru alt\u0131n madenine a\u00e7\u0131k\u00e7a kar\u015f\u0131 duracaklar\u0131n\u0131 deklare etmelidirler. Yine t\u00fcm ege b\u00f6lgesinin suyunun, topra\u011f\u0131n\u0131n, havas\u0131n\u0131n Bergama Ovac\u0131k alt\u0131n madeni ve U\u015fak-K\u0131\u015flada\u011f alt\u0131n madeni taraf\u0131ndan kirletildi\u011fi-zehirlendi\u011finin bilincinde olan Belediye ba\u015fkan adaylar\u0131n\u0131n se\u00e7ilmesini \u00f6neriyor ve EGE\u00c7EP olarak \u015fimdiden tarihe not d\u00fc\u015f\u00fclmesini istiyoruz.<br>Alia\u011fa\u2019y\u0131 ya\u015fanmaz hale getirecek, \u0130zmir\u2019in hava kalitesini bozacak Alia\u011fa\u2019da yap\u0131lmas\u0131 planlanan k\u00f6m\u00fcr yak\u0131tl\u0131 Termik Santrale a\u00e7\u0131k\u00e7a kar\u015f\u0131 \u00e7\u0131kmayan belediye ba\u015fkan adaylar\u0131na oy vermeyece\u011fiz.<br>EGE\u00c7EP\u2019in yerel y\u00f6netim anlay\u0131\u015f\u0131; insanlar\u0131n ve di\u011fer canl\u0131lar\u0131 ya\u015fama alanlar\u0131n\u0131n, do\u011fal ve k\u00fclt\u00fcrel varl\u0131klar\u0131n sermayenin kar amac\u0131na hizmet i\u00e7in de\u011fil insanlar\u0131n ve di\u011fer canl\u0131lar\u0131n ya\u015fam\u0131n\u0131 s\u00fcrd\u00fcrebilmesini ama\u00e7layan, karar alma s\u00fcre\u00e7lerine halk\u0131n kat\u0131l\u0131m\u0131n\u0131 esas alan bir anlay\u0131\u015ft\u0131r. Yerel Y\u00f6netimlerle ilgili olarak yukar\u0131da belirtilenlere ek olarak a\u015fa\u011f\u0131daki somut \u00f6nerilerimizin ya\u015fama ge\u00e7irilmesini istiyoruz:<br>\u00b7 \u0130nciralt\u0131; \u0130zmir merkezi i\u00e7erisinde kalan en geni\u015f ye\u015fil aland\u0131r. yap\u0131la\u015fmaya a\u00e7\u0131lmamal\u0131. Tar\u0131m arazisi olan bu alanlar\u0131n yap\u0131la\u015fmaya a\u00e7\u0131lmamal\u0131.<br>\u00b7 Biyo\u00e7e\u015fitlili\u011fin ve hayvansal \u00e7e\u015fitlili\u011fin korunmas\u0131 amac\u0131yla ku\u015f cenneti olan Gediz Deltas\u0131 ve \u0130nciralt\u0131 mutlaka korunmal\u0131d\u0131r.<br>\u00b7 Liman arkas\u0131 ( Alsancak-Turya\u011f aras\u0131) alan\u0131n\u0131n dokusu korunmal\u0131d\u0131r.<br>\u00b7 kent i\u00e7inde yer alan Ta\u015f Ocaklar\u0131-\u00c7imento fabrikalar\u0131 kapat\u0131lmal\u0131d\u0131r.<br>\u00b7 Efem\u00e7ukuru Alt\u0131n Madenine kesinlikle izin verilmelidir.<br>\u00b7 Gediz Delta B\u00f6lgesi ( Ku\u015f Cenneti) Sulak alanlar\u0131n do\u011faya kazand\u0131r\u0131lmal\u0131d\u0131r.<br>\u00b7 Kentsel ortak ya\u015fam alan\u0131 olan \u0130zmir K\u00fclt\u00fcrpark&#8217;a otopark yap\u0131m\u0131na hi\u00e7bir bi\u00e7imde izin verilmemelidir.<br>\u00b7 Allianoi, Efes gibi Antik Kentler koruma alt\u0131na al\u0131nmal\u0131, yok olmalar\u0131 engellenmelidir. Bu gibi yerler, turizme kazand\u0131r\u0131lmal\u0131, Allianoi, kurulu\u015f amac\u0131na uygun kullan\u0131lmal\u0131d\u0131r.<br>\u00b7 Alia\u011fa Termik Santraline izin verilmemelidir.<br>\u00b7 Alia\u011fa\u2019daki demir-\u00e7elik fabrikalar\u0131n\u0131n elektrikli ark ocaklar\u0131n\u0131n, at\u0131klar\u0131n\u0131n zararl\u0131 sonu\u00e7lar\u0131 bertaraf edilmeli, \u201ctehlikeli at\u0131k y\u00f6netimi projeleri\u201d uygulanmal\u0131d\u0131r.<br>\u00b7 Harmandal\u0131 \u00c7\u00f6p Deponi Alan\u0131 kullan\u0131m \u00f6mr\u00fcn\u00fc doldurmu\u015ftur. Kapat\u0131lmas\u0131na y\u00f6nelik \u00e7al\u0131\u015fmalar yap\u0131lmal\u0131, at\u0131k bertaraf ve geri d\u00f6n\u00fc\u015f\u00fcm tesisleri \u00e7ok h\u0131zl\u0131 olarak hayata ge\u00e7irilmelidir.<br>\u00b7 Okullar\u0131n otopark olarak kullan\u0131lmas\u0131na engel olunmal\u0131d\u0131r.<br>\u00b7 Kent merkezine arabalar\u0131n s\u0131n\u0131rland\u0131r\u0131lmas\u0131 ve kent merkezine ula\u015f\u0131m\u0131n toplu ta\u015f\u0131ma ile sa\u011flanmal\u0131, toplu ta\u015f\u0131ma \u00f6zendirilmeli ve \u00e7e\u015fitlendirilmelidir.<br>\u00b7 Kent i\u00e7i ye\u015fil alanlar olu\u015fturulmal\u0131, park anlay\u0131\u015f\u0131n\u0131n \u201ck\u00fc\u00e7\u00fck koruluklar\u0131n olu\u015fturulmas\u0131\u201d \u015feklinde yeniden yorumlanmal\u0131d\u0131r.<br>\u00b7 Dere yataklar\u0131nda yap\u0131la\u015fma engellenmelidir,<br>\u00b7 Yatay ve dikey yerle\u015fmenin co\u011frafyaya g\u00f6re planlanmas\u0131nda; depremsellik, tar\u0131m alanlar\u0131n\u0131n kullan\u0131lmas\u0131, gibi kriterler dikkate al\u0131nmal\u0131d\u0131r.<br>\u00b7 Kentsel d\u00f6n\u00fc\u015f\u00fcmde ama\u00e7 rant de\u011fil kamu yarar\u0131 esas al\u0131nmal\u0131d\u0131r. Denizlerin doldurulmas\u0131 ve k\u0131y\u0131lar\u0131n ortak kullan\u0131ma kapat\u0131lmas\u0131na ili\u015fkin uygulamalara son verilmelidir. Bu anlay\u0131\u015fla k\u0131y\u0131daki yap\u0131lar, kentsel d\u00f6n\u00fc\u015f\u00fcm \u00e7er\u00e7evesi i\u00e7erinde yeniden de\u011ferlendirilmelidir.<\/p>\n\n\n\n<p>5. D\u0130\u011eER KONULAR<br>Do\u011fal yap\u0131da \u00f6nemli de\u011fi\u015fikliklerin oldu\u011fu Karaburun arkas\u0131nda tesis edilmekte olan zeytinliklerde mutlaka zeytin s\u0131ralar\u0131 aras\u0131nda kapal\u0131l\u0131k olu\u015funcaya kadar nergis yeti\u015ftiricili\u011finin te\u015fvik edilmesi yerinde olur bunun i\u00e7in \u00c7evre ve Orman il M\u00fcd\u00fcrl\u00fc\u011f\u00fc et\u00fct Proje \u015eube M\u00fcd\u00fcrl\u00fc\u011f\u00fcn\u00fcn olumlu g\u00f6r\u00fc\u015f\u00fc yeterli olacakt\u0131r.<br>Tar\u0131m te\u015fkilat\u0131n\u0131n kontur s\u00fcr\u00fcm\u00fcn halka benimsetilmesi konusunda yeterli \u00e7al\u0131\u015fma yapamad\u0131\u011f\u0131n\u0131 halen d\u00f6ner pulluk kullan\u0131l\u0131yor olmamas\u0131ndan anlamaktay\u0131z. Kontur s\u00fcr\u00fcm\u00fcn \u00f6zendirilmesi k\u00fcresel de\u011fi\u015fim kar\u015f\u0131s\u0131nda gerek \u00fcr\u00fcn gerekse su kaynaklar\u0131n\u0131n beslenmesi a\u00e7\u0131s\u0131ndan \u00f6nemli oldu\u011fu halka iletilebilmelidir.<br>K\u00fclt\u00fcr bal\u0131k\u00e7\u0131l\u0131\u011f\u0131n\u0131n koy ve k\u00f6rfezlerde yapt\u0131\u011f\u0131 azot kirlili\u011fi, hastal\u0131k kirlili\u011fi, g\u00f6r\u00fcnt\u00fc kirlili\u011fi nedenleriyle \u00fcretimlerinin durdurulmas\u0131 ve kesinlikle bu tip yerlere ruhsat verilmemesi gerekmektedir. Su Kirlili\u011fi Kontrol\u00fc Y\u00f6netmeli\u011fi ve Suda Tehlikeli ve Zararl\u0131 Maddeler Tebli\u011fi, AB&#8217;nin su konusundaki e\u015fle\u015ftirme \u00e7al\u0131\u015fmalar\u0131 yaz\u0131ya d\u00f6k\u00fclm\u00fc\u015f birer metin gibi alg\u0131lanmamal\u0131 d\u00fcnyada ya\u015fam\u0131n bir b\u00fct\u00fcn oldu\u011fu kabullenilmelidir.<br>K\u00fclt\u00fcr bal\u0131k\u00e7\u0131l\u0131\u011f\u0131nda kullan\u0131lan yemler, deniz ekolojik sistemde besin zincirinin en \u00f6nemli halkas\u0131n\u0131 olu\u015fturan sardalye ve hamsi bal\u0131\u011f\u0131n\u0131n unu ve ya\u011f\u0131ndan olu\u015fmaktad\u0131r. Sardalye ve hamsi bal\u0131\u011f\u0131 insanlar taraf\u0131ndan kolayl\u0131kla t\u00fcketilen ve i\u00e7erdikleri amino asitler bak\u0131m\u0131ndan en dengeli bal\u0131klard\u0131r. Sanayi tipi bal\u0131k\u00e7\u0131l\u0131k i\u015fletmecili\u011finden ziyade bal\u0131k\u00e7\u0131l\u0131k i\u015fletme sanayisi te\u015fvik edilmelidir. Do\u011fadan elde edilen bal\u0131klar sanayiye ham madde (yem) olarak sunulmamal\u0131, t\u00fcketime g\u0131da olarak sunulmal\u0131 ve bunun sanayisi geli\u015ftirilmelidir. Yap\u0131lacak te\u015fviklerle bu \u00f6zendirilmelidir.<br>\u015eirketlerin karl\u0131l\u0131\u011f\u0131 s\u00fcrekli k\u0131lma m\u00fccadelesi halk\u0131n ucuz bal\u0131k t\u00fcketiminin kayna\u011f\u0131 gibi g\u00f6sterilerek t\u00fcketici yanl\u0131\u015f bilgilendirilmemelidir. Ortak kullan\u0131m alan\u0131 i\u00e7erisinde bal\u0131k \u00e7iftlikleri insan ya\u015fam\u0131n\u0131n oldu\u011fu alandan en az 3 km uza\u011fa gitmelidir. Do\u011faya fazladan verdi\u011fi azot nedeniyle koy ve k\u00f6rfezlerde, di\u011fer kirleticilerle birlikte ele al\u0131nd\u0131\u011f\u0131nda a\u00e7\u0131k denizlerde s\u00fcrd\u00fcr\u00fclebilir de\u011fildir. K\u00fclt\u00fcr bal\u0131k\u00e7\u0131l\u0131\u011f\u0131 ekonomiye katk\u0131lar\u0131 ve yaratt\u0131\u011f\u0131 katma de\u011fer halk\u0131n, do\u011fan\u0131n yarar\u0131na de\u011fil zarar\u0131na olmaktad\u0131r.<\/p>\n\n\n\n<p><em>Berrin Esin KAYA<br>EGE\u00c7EP D\u00d6NEM S\u00d6ZC\u00dcS\u00dc<\/em><\/p>\n","protected":false},"excerpt":{"rendered":"<p>EGE \u00c7EVRE VE K\u00dcLT\u00dcR PLATFORMU 1. KURULU\u015e: EGE\u00c7EP (Ege \u00c7evre ve K\u00fclt\u00fcr Platformu); \u00e7evre g\u00f6n\u00fcll\u00fcs\u00fc, do\u011fal ve k\u00fclt\u00fcrel varl\u0131klar\u0131n korunmas\u0131<\/p>\n","protected":false},"author":1,"featured_media":0,"parent":0,"menu_order":0,"comment_status":"closed","ping_status":"closed","template":"","meta":{"colormag_page_container_layout":"default_layout","colormag_page_sidebar_layout":"default_layout","footnotes":""},"class_list":["post-68","page","type-page","status-publish","hentry"],"_links":{"self":[{"href":"https:\/\/egecep.org.tr\/index.php\/wp-json\/wp\/v2\/pages\/68","targetHints":{"allow":["GET"]}}],"collection":[{"href":"https:\/\/egecep.org.tr\/index.php\/wp-json\/wp\/v2\/pages"}],"about":[{"href":"https:\/\/egecep.org.tr\/index.php\/wp-json\/wp\/v2\/types\/page"}],"author":[{"embeddable":true,"href":"https:\/\/egecep.org.tr\/index.php\/wp-json\/wp\/v2\/users\/1"}],"replies":[{"embeddable":true,"href":"https:\/\/egecep.org.tr\/index.php\/wp-json\/wp\/v2\/comments?post=68"}],"version-history":[{"count":3,"href":"https:\/\/egecep.org.tr\/index.php\/wp-json\/wp\/v2\/pages\/68\/revisions"}],"predecessor-version":[{"id":253,"href":"https:\/\/egecep.org.tr\/index.php\/wp-json\/wp\/v2\/pages\/68\/revisions\/253"}],"wp:attachment":[{"href":"https:\/\/egecep.org.tr\/index.php\/wp-json\/wp\/v2\/media?parent=68"}],"curies":[{"name":"wp","href":"https:\/\/api.w.org\/{rel}","templated":true}]}}